{"id":97330,"date":"2025-10-01T07:36:44","date_gmt":"2025-10-01T07:36:44","guid":{"rendered":"https:\/\/e.kosmolat.eu\/product\/aroma-labora-lf-dienas-kr-visiem-adas-tip-spf-30-50-ml\/"},"modified":"2026-04-07T11:22:46","modified_gmt":"2026-04-07T11:22:46","slug":"aroma-labora-lf-dienas-kr-visiem-adas-tip-spf-30-50-ml","status":"publish","type":"product","link":"https:\/\/e.kosmolat.eu\/lv\/product\/aroma-labora-lf-dienas-kr-visiem-adas-tip-spf-30-50-ml\/","title":{"rendered":"Aroma Labora L&#038;F Dienas kr. visiem \u0101das tip. SPF 30, 50 ml"},"content":{"rendered":"<p>Labora Lift&#038;Firm dienas kr\u0113ms nodro\u0161ina visaptvero\u0161u pretnoveco\u0161an\u0101s kop\u0161anu, padarot \u0101du glud\u0101ku un elast\u012bg\u0101ku, izmantojot jaun\u0101k\u0101s inov\u0101cijas. \u0160is z\u012bdainais kr\u0113ms pal\u012bdz samazin\u0101t grumbas, nov\u0113r\u0161 jaunu veido\u0161anos un nodro\u0161ina svaigu, vienm\u0113r\u012bgu sejas toni, k\u0101 ar\u012b mitrin\u0101tu un koptu \u0101du. Sp\u0113c\u012bg\u0101 akt\u012bv\u0101 sast\u0101vda\u013ca ar tr\u012bsk\u0101r\u0161u nostiprino\u0161u iedarb\u012bbu c\u012bn\u0101s ar \u0101das noveco\u0161anos, uzlabo t\u0101s strukt\u016bru un atjauno tonusu. \u0160\u012bs maig\u0101s formulas ekskluz\u012bv\u0101s izl\u012bdzino\u0161\u0101s un mitrino\u0161\u0101s \u012bpa\u0161\u012bbas pastiprina Marokas arg\u0101na e\u013c\u013ca, kas baro \u0101du un pal\u012bdz uztur\u0113t optim\u0101lu mitruma l\u012bmeni. Ar SPF 30.<\/p>\n<p>Lieto\u0161ana: uzkl\u0101jiet kr\u0113mu katru r\u012btu uz att\u012br\u012btas sejas un kakla \u0101das.<\/p>\n","protected":false},"excerpt":{"rendered":"<p>Labora Lift&#038;Firm dienas kr\u0113ms nodro\u0161ina visaptvero\u0161u pretnoveco\u0161an\u0101s kop\u0161anu, padarot \u0101du glud\u0101ku un elast\u012bg\u0101ku, izmantojot jaun\u0101k\u0101s inov\u0101cijas. \u0160is z\u012bdainais kr\u0113ms pal\u012bdz samazin\u0101t grumbas, nov\u0113r\u0161 jaunu veido\u0161anos un nodro\u0161ina svaigu, vienm\u0113r\u012bgu sejas toni, k\u0101 ar\u012b mitrin\u0101tu un koptu \u0101du. Sp\u0113c\u012bg\u0101 akt\u012bv\u0101 sast\u0101vda\u013ca ar tr\u012bsk\u0101r\u0161u nostiprino\u0161u iedarb\u012bbu c\u012bn\u0101s ar \u0101das noveco\u0161anos, uzlabo t\u0101s strukt\u016bru un atjauno tonusu. \u0160\u012bs [&#8230;]\n","protected":false},"featured_media":97334,"template":"","meta":[],"product_cat":[1322],"product_tag":[],"class_list":{"0":"post-97330","1":"product","2":"type-product","3":"status-publish","4":"has-post-thumbnail","6":"product_brand-aroma-bg","7":"product_cat-veido-kremai","9":"first","10":"instock","11":"taxable","12":"shipping-taxable","13":"product-type-simple"},"_links":{"self":[{"href":"https:\/\/e.kosmolat.eu\/lv\/wp-json\/wp\/v2\/product\/97330","targetHints":{"allow":["GET"]}}],"collection":[{"href":"https:\/\/e.kosmolat.eu\/lv\/wp-json\/wp\/v2\/product"}],"about":[{"href":"https:\/\/e.kosmolat.eu\/lv\/wp-json\/wp\/v2\/types\/product"}],"wp:featuredmedia":[{"embeddable":true,"href":"https:\/\/e.kosmolat.eu\/lv\/wp-json\/wp\/v2\/media\/97334"}],"wp:attachment":[{"href":"https:\/\/e.kosmolat.eu\/lv\/wp-json\/wp\/v2\/media?parent=97330"}],"wp:term":[{"taxonomy":"product_cat","embeddable":true,"href":"https:\/\/e.kosmolat.eu\/lv\/wp-json\/wp\/v2\/product_cat?post=97330"},{"taxonomy":"product_tag","embeddable":true,"href":"https:\/\/e.kosmolat.eu\/lv\/wp-json\/wp\/v2\/product_tag?post=97330"}],"curies":[{"name":"wp","href":"https:\/\/api.w.org\/{rel}","templated":true}]}}