{"id":73403,"date":"2025-07-01T08:19:13","date_gmt":"2025-07-01T08:19:13","guid":{"rendered":"https:\/\/e.kosmolat.eu\/product\/evoluderm-mirdzumu-pieskirosa-sejas-maska-ar-balto-malu-vis-ad-t-100-ml\/"},"modified":"2026-04-13T12:56:48","modified_gmt":"2026-04-13T12:56:48","slug":"evoluderm-mirdzumu-pieskirosa-sejas-maska-ar-balto-malu-vis-ad-t-100-ml","status":"publish","type":"product","link":"https:\/\/e.kosmolat.eu\/lv\/product\/evoluderm-mirdzumu-pieskirosa-sejas-maska-ar-balto-malu-vis-ad-t-100-ml\/","title":{"rendered":"EVOLUDERM Mirdzumu pie\u0161\u0137iro\u0161a sejas maska ar balto m\u0101lu vis. \u0101d. t., 100 ml"},"content":{"rendered":"<p>Sejas maska att\u012bra \u0101du un pies\u0101tina to ar miner\u0101lviel\u0101m. Baltie m\u0101li darbojas k\u0101 mirdzuma aktivators bl\u0101vai un noguru\u0161ai \u0101dai. Tiem ir toniz\u0113jo\u0161a un atjaunojo\u0161a iedarb\u012bba, izl\u012bdzina sejas toni un sa\u0161aurina poras. \u0100da k\u013c\u016bst maiga, att\u012br\u012bta no net\u012brumiem, gluda, bet sejas tonis \u2013 svaigs un mirdzo\u0161s.<\/p>\n<p>Lieto\u0161ana: pirms lieto\u0161anas sakratiet t\u016bbi\u0146u, p\u0113c tam vienm\u0113r\u012bgi uzkl\u0101jiet masku, izvairoties no \u0101das ap ac\u012bm. Atst\u0101jiet uz 10 min\u016bt\u0113m, p\u0113c tam noskalojiet ar t\u012bru \u016bdeni.<\/p>\n<p>Piesardz\u012bbas pas\u0101kumi: ja nok\u013c\u016bst ac\u012bs, nekav\u0113joties izskalot t\u0101s ar lielu daudzumu \u016bdens.<\/p>\n<p>Dermatolo\u0123iski p\u0101rbaud\u012bts.<\/p>\n","protected":false},"excerpt":{"rendered":"<p>Sejas maska att\u012bra \u0101du un pies\u0101tina to ar miner\u0101lviel\u0101m. Baltie m\u0101li darbojas k\u0101 mirdzuma aktivators bl\u0101vai un noguru\u0161ai \u0101dai. Tiem ir toniz\u0113jo\u0161a un atjaunojo\u0161a iedarb\u012bba, izl\u012bdzina sejas toni un sa\u0161aurina poras. \u0100da k\u013c\u016bst maiga, att\u012br\u012bta no net\u012brumiem, gluda, bet sejas tonis \u2013 svaigs un mirdzo\u0161s. Lieto\u0161ana: pirms lieto\u0161anas sakratiet t\u016bbi\u0146u, p\u0113c tam vienm\u0113r\u012bgi uzkl\u0101jiet masku, [&#8230;]\n","protected":false},"featured_media":94366,"template":"","meta":[],"product_cat":[1367],"product_tag":[],"class_list":{"0":"post-73403","1":"product","2":"type-product","3":"status-publish","4":"has-post-thumbnail","6":"product_brand-evoluderm","7":"product_cat-sejas-maskas","9":"first","10":"instock","11":"taxable","12":"shipping-taxable","13":"product-type-simple"},"_links":{"self":[{"href":"https:\/\/e.kosmolat.eu\/lv\/wp-json\/wp\/v2\/product\/73403","targetHints":{"allow":["GET"]}}],"collection":[{"href":"https:\/\/e.kosmolat.eu\/lv\/wp-json\/wp\/v2\/product"}],"about":[{"href":"https:\/\/e.kosmolat.eu\/lv\/wp-json\/wp\/v2\/types\/product"}],"wp:featuredmedia":[{"embeddable":true,"href":"https:\/\/e.kosmolat.eu\/lv\/wp-json\/wp\/v2\/media\/94366"}],"wp:attachment":[{"href":"https:\/\/e.kosmolat.eu\/lv\/wp-json\/wp\/v2\/media?parent=73403"}],"wp:term":[{"taxonomy":"product_cat","embeddable":true,"href":"https:\/\/e.kosmolat.eu\/lv\/wp-json\/wp\/v2\/product_cat?post=73403"},{"taxonomy":"product_tag","embeddable":true,"href":"https:\/\/e.kosmolat.eu\/lv\/wp-json\/wp\/v2\/product_tag?post=73403"}],"curies":[{"name":"wp","href":"https:\/\/api.w.org\/{rel}","templated":true}]}}